{"id":6489,"date":"2016-07-29T19:00:09","date_gmt":"2016-07-29T22:00:09","guid":{"rendered":"https:\/\/fisioclim.wordpress.com\/?page_id=6489"},"modified":"2025-11-20T10:43:10","modified_gmt":"2025-11-20T13:43:10","slug":"resumenes","status":"publish","type":"page","link":"https:\/\/iimyc.gob.ar\/fisioclim\/resumenes\/","title":{"rendered":"Res\u00famenes"},"content":{"rendered":"<h3>FECHA LIMITE PARA EL ENV\u00cdO DE RES\u00daMENES:<\/h3>\n<h3><span style=\"color: #1a2948;\"><strong>TIPOS DE PRESENTACIONES:<\/strong><\/span><\/h3>\n<h3><span style=\"color: #1a2948;\"><strong>P\u00d3STER &#8211; <\/strong><\/span><span style=\"color: #1a2948;\"><strong> ORALES<\/strong><\/span><\/h3>\n<p><strong>Se sugiere que las leyendas de las figuras y tablas en las presentaciones sean autoexplicativas en castellano e ingl\u00e9s.<\/strong> Se permitir\u00e1n 2 presentaciones por inscripci\u00f3n<\/p>\n<p><span style=\"color: #003300;\"><strong><span style=\"color: #1a2948;\">P\u00d3STERS:<\/span>\u00a0<\/strong><\/span>Los p\u00f3steres deber\u00e1n ser ubicados en los paneles (1m de ancho x 1,2m de largo) seg\u00fan el n\u00famero asignado en el programa. Se colocar\u00e1n desde la ma\u00f1ana (8-12 am) del d\u00eda que corresponda a su presentaci\u00f3n y permanecer\u00e1n hasta finalizar las actividades de ese d\u00eda cuando deber\u00e1n ser retirados. El investigador que presente el trabajo deber\u00e1 permanecer en el lugar de exposici\u00f3n durante el per\u00edodo previsto de exhibici\u00f3n. Se dar\u00e1 una menci\u00f3n a 1 p\u00f3ster por sesi\u00f3n.<span style=\"color: #000000;\">\u00a0<strong>Tambi\u00e9n es deseable que las leyendas de las figuras y tablas sean autoexplicativas en castellano e ingl\u00e9s.<\/strong><\/span><\/p>\n<p><span style=\"color: #1a2948;\"><strong>ORALES:\u00a0<\/strong><\/span>Los trabajos seleccionados para presentaci\u00f3n oral (10 + 5 minutos) deber\u00e1n ser entregados en presentaci\u00f3n power point el d\u00eda anterior a la sesi\u00f3n correspondiente en un pendrive en la secretar\u00eda.<\/p>\n<p><strong>La cantidad m\u00e1xima de palabras en el t\u00edtulo es de 25. La cantidad m\u00e1xima de palabras en el cuerpo del resumen debe ser 250.<\/strong><\/p>\n<h4><strong><span style=\"color: #1a2948;\">TODOS LOS RES\u00daMENES SER\u00c1N EVALUADOS POR EL COMIT\u00c9 REVISOR. E<\/span><\/strong><span style=\"color: #1a2948;\"><strong>L COMIT\u00c9 PODR\u00c1 MODIFICAR EL TIPO DE PRESENTACI\u00d3N <\/strong><\/span><\/h4>\n<p><strong>Lineamientos generales para la presentaci\u00f3n de los res\u00famenes:<\/strong><\/p>\n<h4>Los res\u00famenes pueden ser enviados en CASTELLANO o INGL\u00c9S<\/h4>\n<p>El resumen deber\u00e1 ser en espa\u00f1ol y seguir la plantilla Microsoft Word y se enviar\u00e1 \u00fanicamente en formato doc. El nombre del archivo deber\u00e1 ser el apellido del\/de la autor\/a que presenta el trabajo seguido de un guion bajo y el DNI o pasaporte (ejemplo: Cavani_12345678.doc). Si presenta dos res\u00famenes, deber\u00e1 estar indicado mediante A y B (ejemplo: Cavani_12345678_A.doc; Cavani_12345678_B.doc).<\/p>\n<p>Los res\u00famenes se enviar\u00e1n \u00fanicamente al Comit\u00e9 Organizador, e indicando si optar\u00e1 por modalidad oral o p\u00f3ster al pie de este.<\/p>\n<p>El t\u00edtulo estar\u00e1 en Times New Roman negrita, tama\u00f1o 12 pt y con alineaci\u00f3n centrada. los\/as autores\/as estar\u00e1n en Times New Roman, tama\u00f1o 11 pt, con alineaci\u00f3n izquierda y separados\/as por punto y coma (Ej: Edinson R. Cavani; Miguel A. Merentiel;&#8230;.). Cada autor\/a deber\u00e1 tener su filiaci\u00f3n indicada por un n\u00famero en super\u00edndice a la derecha. Se deber\u00e1 subrayar al\/a la autor\/a que expondr\u00e1 el trabajo. Las filiaciones estar\u00e1n en Times New Roman, tama\u00f1o 9 pt y con alineaci\u00f3n izquierda. Cada n\u00famero de filiaci\u00f3n ir\u00e1 al inicio, en super\u00edndice. Email del\/de la autor\/a que presentar\u00e1 el trabajo. Deber\u00e1 ir en Times New Roman, tama\u00f1o 11 pt y con alineaci\u00f3n izquierda. El resumen estar\u00e1 en Times New Roman, tama\u00f1o 11 pt y con alineaci\u00f3n justificada. Deber\u00e1 incluir los objetivos, describir brevemente los materiales y m\u00e9todos, resultados y conclusi\u00f3n. <strong>No deber\u00e1 superar las 250 palabras.<\/strong><\/p>\n<p>&nbsp;<\/p>\n","protected":false},"excerpt":{"rendered":"<p>FECHA LIMITE PARA EL ENV\u00cdO DE RES\u00daMENES: TIPOS DE PRESENTACIONES: P\u00d3STER &#8211; ORALES Se sugiere que las leyendas de las figuras y tablas en las presentaciones sean autoexplicativas en castellano e ingl\u00e9s. Se permitir\u00e1n 2 presentaciones por inscripci\u00f3n P\u00d3STERS:\u00a0Los p\u00f3steres deber\u00e1n ser ubicados en los paneles (1m de ancho x 1,2m de largo) seg\u00fan el n\u00famero asignado en el programa. Se colocar\u00e1n desde la ma\u00f1ana (8-12 am) del d\u00eda que corresponda a su presentaci\u00f3n y permanecer\u00e1n hasta finalizar las actividades de ese d\u00eda cuando deber\u00e1n ser retirados. El investigador que presente el trabajo deber\u00e1 permanecer en el lugar de exposici\u00f3n durante el per\u00edodo previsto de exhibici\u00f3n. Se dar\u00e1 una menci\u00f3n a 1 p\u00f3ster por sesi\u00f3n.\u00a0Tambi\u00e9n es deseable que las leyendas [&hellip;]<\/p>\n","protected":false},"author":1,"featured_media":0,"parent":0,"menu_order":2,"comment_status":"closed","ping_status":"closed","template":"","meta":{"_monsterinsights_skip_tracking":false,"_monsterinsights_sitenote_active":false,"_monsterinsights_sitenote_note":"","_monsterinsights_sitenote_category":0,"footnotes":""},"class_list":["post-6489","page","type-page","status-publish","hentry"],"_links":{"self":[{"href":"https:\/\/iimyc.gob.ar\/fisioclim\/wp-json\/wp\/v2\/pages\/6489","targetHints":{"allow":["GET"]}}],"collection":[{"href":"https:\/\/iimyc.gob.ar\/fisioclim\/wp-json\/wp\/v2\/pages"}],"about":[{"href":"https:\/\/iimyc.gob.ar\/fisioclim\/wp-json\/wp\/v2\/types\/page"}],"author":[{"embeddable":true,"href":"https:\/\/iimyc.gob.ar\/fisioclim\/wp-json\/wp\/v2\/users\/1"}],"replies":[{"embeddable":true,"href":"https:\/\/iimyc.gob.ar\/fisioclim\/wp-json\/wp\/v2\/comments?post=6489"}],"version-history":[{"count":19,"href":"https:\/\/iimyc.gob.ar\/fisioclim\/wp-json\/wp\/v2\/pages\/6489\/revisions"}],"predecessor-version":[{"id":7973,"href":"https:\/\/iimyc.gob.ar\/fisioclim\/wp-json\/wp\/v2\/pages\/6489\/revisions\/7973"}],"wp:attachment":[{"href":"https:\/\/iimyc.gob.ar\/fisioclim\/wp-json\/wp\/v2\/media?parent=6489"}],"curies":[{"name":"wp","href":"https:\/\/api.w.org\/{rel}","templated":true}]}}